{"id":44955,"date":"2020-06-08T12:26:25","date_gmt":"2020-06-08T10:26:25","guid":{"rendered":"https:\/\/www.projecter.de\/?post_type=projecter_member&#038;p=44955"},"modified":"2025-02-03T08:13:56","modified_gmt":"2025-02-03T07:13:56","slug":"pia-hasenbein","status":"publish","type":"projecter_member","link":"https:\/\/www.projecter.de\/en\/agentur\/team\/pia-hasenbein\/","title":{"rendered":"Pia Hasenbein"},"content":{"rendered":"\n<div class=\"wp-block-media-text alignwide has-media-on-the-right is-stacked-on-mobile\"><div class=\"wp-block-media-text__content\">\n<h1 class=\"wp-block-heading is-style-heading-special has-black-color has-text-color\">Pia Hasenbein<\/h1>\n\n\n<div class=\"wp-block-projecter-member\"><div class=\"member-position\">Projektmanagement &#038; Group ESG Lead<\/div><div class=\"member-phone\"><a href=\"tel:+4934139294535\">+49 341 39294535<\/a><\/div><ul class=\"social-icons\"><li><a href=\"https:\/\/www.linkedin.com\/in\/pia-hasenbein\" target=\"_blank\" title=\"auf LinkedIn besuchen\"><i class=\"fab fa-linkedin-in\"><\/i><\/a><\/li><\/ul><\/div>\n\n\n<p> <a href=\"mailto:pia@projecter.de\">pia@projecter.de<\/a><\/p>\n<\/div><figure class=\"wp-block-media-text__media\"><img decoding=\"async\" width=\"705\" height=\"470\" src=\"https:\/\/www.projecter.de\/wp-content\/uploads\/2024\/02\/Projecter-Pia_Hasenbein-128-705x470.jpg\" alt=\"\" class=\"wp-image-66449 size-large\"\/><\/figure><\/div>\n\n\n\n<div class=\"wp-block-projecter-spacer\"><\/div>\n\n\n\n<div class=\"wp-block-columns is-layout-flex wp-container-core-columns-is-layout-9d6595d7 wp-block-columns-is-layout-flex\">\n<div class=\"wp-block-column is-layout-flow wp-block-column-is-layout-flow\" style=\"flex-basis:66.66%\">\n<p>Pia ist seit 2016 Teil des Projecter Teams. Durch ihr Bachelorstudium Buchhandel\/Verlagswirtschaft an der HTWK Leipzig wurde Pias Interesse am (Online) Marketing geweckt.<\/p>\n\n\n\n<p>Nach ihrem Master in <strong>Nachhaltigkeitsmanagement<\/strong> an der Uni Leipzig startete Pia als Werkstudentin bei Projecter, durchlief ein erfolgreiches Traineeship und war mehrere Jahre im <strong>SEA-Team<\/strong> t\u00e4tig. Heute bringt sie ihre Expertise als <strong>Projektmanagerin &amp; interne Consultant<\/strong> bei Projecter sowie als <strong>ESG Lead<\/strong> der Obsidian Group ein.<\/p>\n\n\n\n<p>Ihr Fokus liegt auf <strong>Projektmanagement &amp; Business Facilitation<\/strong> \u2013 sie begleitet interne und Kundenprojekte, unterst\u00fctzt strategische Ausrichtungen und koordiniert die zust\u00e4ndigen Agentur-Teams.<\/p>\n\n\n\n<p><br>Seit 2025 widmet sich Pia verst\u00e4rkt dem Thema <strong>Nachhaltigkeit &amp; ESG<\/strong>: Neben ihrer Rolle als <strong>B Keeperin<\/strong> von Projecter treibt sie nun auf Gruppenebene zentrale ESG-Themen wie <strong>CO\u2082-Bilanzierung, CSRD, B Corp &amp; Transformation<\/strong> voran. Sie engagiert sich in nationalen und lokalen Nachhaltigkeitsnetzwerken, gibt ihr Wissen in <strong>Workshops<\/strong> weiter und tritt als <strong>Speakerin<\/strong> auf.<\/p>\n<\/div>\n\n\n\n<div class=\"wp-block-column is-layout-flow wp-block-column-is-layout-flow\" style=\"flex-basis:33.33%\">\n<h4 class=\"wp-block-heading has-black-color has-text-color\">Thematische Schwerpunkte<\/h4>\n\n\n\n<ul class=\"wp-block-list\">\n<li>Suchmaschinenmarketing (Google Ads, Microsoft Advertising)<\/li>\n\n\n\n<li>Projektmanagement<\/li>\n\n\n\n<li>Nachhaltigkeitsmanagement<\/li>\n<\/ul>\n\n\n\n<div style=\"height:35px\" aria-hidden=\"true\" class=\"wp-block-spacer\"><\/div>\n<\/div>\n<\/div>\n\n\n\n<div style=\"height:60px\" aria-hidden=\"true\" class=\"wp-block-spacer\"><\/div>\n\n\n\n<h3 class=\"wp-block-heading has-black-color has-text-color\">Neueste Blogeintr\u00e4ge<\/h3>\n\n\n<div class=\"wp-block-projecter-latest-posts\"><div class=\"grid-row grid-row-3\"><div class=\"item\"><a class=\"post-thumbnail\" href=\"https:\/\/www.projecter.de\/blog\/nachhaltigkeit\/unsere-co2-bilanz-2022-ein-blick-auf-die-zahlen-und-hinter-die-kulissen\/\"><img decoding=\"async\" width=\"370\" height=\"280\" src=\"https:\/\/www.projecter.de\/wp-content\/uploads\/2023\/04\/Co2-Bilanz-2022-370x280.jpg\" class=\"full-width wp-post-image\" alt=\"\" srcset=\"https:\/\/www.projecter.de\/wp-content\/uploads\/2023\/04\/Co2-Bilanz-2022-370x280.jpg 370w, https:\/\/www.projecter.de\/wp-content\/uploads\/2023\/04\/Co2-Bilanz-2022-570x430.jpg 570w, https:\/\/www.projecter.de\/wp-content\/uploads\/2023\/04\/Co2-Bilanz-2022-622x470.jpg 622w, https:\/\/www.projecter.de\/wp-content\/uploads\/2023\/04\/Co2-Bilanz-2022-768x580.jpg 768w, https:\/\/www.projecter.de\/wp-content\/uploads\/2023\/04\/Co2-Bilanz-2022.jpg 900w\" sizes=\"(max-width: 370px) 100vw, 370px\" \/><\/a><h3 class=\"post-title is-style-h4\"><a href=\"https:\/\/www.projecter.de\/blog\/nachhaltigkeit\/unsere-co2-bilanz-2022-ein-blick-auf-die-zahlen-und-hinter-die-kulissen\/\">Unsere CO2-Bilanz 2022: Ein Blick auf die Zahlen und hinter die Kulissen<\/a><\/h3><div class=\"post-meta has-black-color\"><span class=\"meta-date\">20.09.2024<\/span><span class=\"meta-reading\">7 min<\/span><span class=\"meta-category\"><a href=\"https:\/\/www.projecter.de\/blog\/nachhaltigkeit\/\" rel=\"category tag\">Nachhaltigkeit<\/a><\/span><\/div><div class=\"post-excerpt\"><p>Kern unserer Nachhaltigkeitsbestrebungen bei Projecter ist unsere Transparenz. Wir m\u00f6chten teilen, welche Schritte wir auf dem Weg in eine nachhaltigere Zukunft gehen &#8211; und welche R\u00fcckschritte wir dabei durchgemacht haben. Heute wollen wir euch einen genauen Einblick in unsere CO2-Bilanz f\u00fcr das Jahr 2022 geben.<\/p>\n<\/div><a class=\"link-default\" href=\"https:\/\/www.projecter.de\/blog\/nachhaltigkeit\/unsere-co2-bilanz-2022-ein-blick-auf-die-zahlen-und-hinter-die-kulissen\/\">jetzt lesen<\/a><\/div><div class=\"item\"><a class=\"post-thumbnail\" href=\"https:\/\/www.projecter.de\/blog\/sea\/personas-im-sea-zielgruppen-kennen-dank-der-richtigen-frage\/\"><img decoding=\"async\" width=\"370\" height=\"280\" src=\"https:\/\/www.projecter.de\/wp-content\/uploads\/2021\/04\/titelbild_blog_personas_sea-370x280.jpeg\" class=\"full-width wp-post-image\" alt=\"Titelbild Personas im SEA\" \/><\/a><h3 class=\"post-title is-style-h4\"><a href=\"https:\/\/www.projecter.de\/blog\/sea\/personas-im-sea-zielgruppen-kennen-dank-der-richtigen-frage\/\">Personas im SEA: Zielgruppen kennen dank der richtigen Frage<\/a><\/h3><div class=\"post-meta has-black-color\"><span class=\"meta-date\">17.05.2021<\/span><span class=\"meta-reading\">5 min<\/span><span class=\"meta-category\"><a href=\"https:\/\/www.projecter.de\/blog\/sea\/\" rel=\"category tag\">SEA<\/a><\/span><\/div><div class=\"post-excerpt\"><p>Personas sind ein bew\u00e4hrtes Hilfsmittel aus dem herk\u00f6mmlichen Marketing-Werkzeugkasten. Und auch im SEA haben sie Vorteile. In diesem Beitrag zeigen wir euch einen Prozess, der dabei hilft, die Personas besser zu verstehen und sich w\u00e4hrend der Arbeit in den Konten immer wieder in sie hineinzuversetzen.<\/p>\n<\/div><a class=\"link-default\" href=\"https:\/\/www.projecter.de\/blog\/sea\/personas-im-sea-zielgruppen-kennen-dank-der-richtigen-frage\/\">jetzt lesen<\/a><\/div><div class=\"item\"><a class=\"post-thumbnail\" href=\"https:\/\/www.projecter.de\/blog\/sea\/smx21\/\"><img decoding=\"async\" width=\"370\" height=\"280\" src=\"https:\/\/www.projecter.de\/wp-content\/uploads\/2021\/03\/projecter-speaker-smx-laura-nelle-pia-hasenbein-3-zu-4-370x280.jpg\" class=\"full-width wp-post-image\" alt=\"Grafik der SMX M\u00fcnchen zum Vortragsthema &quot;SEA-Hack Personas: ein Appell f\u00fcr mehr Kreativit\u00e4t!&quot; Abgebildet sind Pia Hasenbein und Laura Nelle von der Projecter GmbH\" \/><\/a><h3 class=\"post-title is-style-h4\"><a href=\"https:\/\/www.projecter.de\/blog\/sea\/smx21\/\">SMX21: Session Cheat Sheet<\/a><\/h3><div class=\"post-meta has-black-color\"><span class=\"meta-date\">15.03.2021<\/span><span class=\"meta-reading\">2 min<\/span><span class=\"meta-category\"><a href=\"https:\/\/www.projecter.de\/blog\/sea\/\" rel=\"category tag\">SEA<\/a><\/span><\/div><div class=\"post-excerpt\"><p>Im SEA schaffen Zahlen unsere Fakten und Argumente. Doch manchmal verliert man dabei aus dem Blick, dass es nicht mehr nur um m\u00f6glichst viele Klicks geht. Durch Googles Fokus auf die Nutzererfahrung spielt die Qualit\u00e4t der Werbung f\u00fcr alle SEAs eine wachsende Rolle. H\u00f6chste Zeit, eure kreative Seite zu zeigen! Personas sind dabei nicht nur eine Hilfe, sondern ein echter Hack.<\/p>\n<\/div><a class=\"link-default\" href=\"https:\/\/www.projecter.de\/blog\/sea\/smx21\/\">jetzt lesen<\/a><\/div><\/div><\/div>","protected":false},"excerpt":{"rendered":"<p>Pia ist seit 2016 Teil des Projecter Teams. Durch ihr Bachelorstudium Buchhandel\/Verlagswirtschaft an der HTWK Leipzig wurde Pias Interesse am (Online) Marketing geweckt. Nach ihrem Master in Nachhaltigkeitsmanagement an der [&hellip;]<\/p>\n","protected":false},"featured_media":67401,"template":"","projecter_member_category":[],"class_list":["post-44955","projecter_member","type-projecter_member","status-publish","has-post-thumbnail","hentry"],"acf":[],"yoast_head":"<!-- This site is optimized with the Yoast SEO plugin v26.8 - https:\/\/yoast.com\/product\/yoast-seo-wordpress\/ -->\n<title>Pia Hasenbein - Projecter<\/title>\n<meta name=\"description\" content=\"\u00dcber 80 Online Marketing Experten arbeiten bei Projecter. Lernen Sie Pia Hasenbein genauer kennen.\" \/>\n<meta name=\"robots\" content=\"index, follow, max-snippet:-1, max-image-preview:large, max-video-preview:-1\" \/>\n<link rel=\"canonical\" href=\"https:\/\/www.projecter.de\/agentur\/team\/pia-hasenbein\/\" \/>\n<meta property=\"og:locale\" content=\"en_US\" \/>\n<meta property=\"og:type\" content=\"article\" \/>\n<meta property=\"og:title\" content=\"Pia Hasenbein - Projecter\" \/>\n<meta property=\"og:description\" content=\"\u00dcber 80 Online Marketing Experten arbeiten bei Projecter. Lernen Sie Pia Hasenbein genauer kennen.\" \/>\n<meta property=\"og:url\" content=\"https:\/\/www.projecter.de\/agentur\/team\/pia-hasenbein\/\" \/>\n<meta property=\"og:site_name\" content=\"Projecter\" \/>\n<meta property=\"article:modified_time\" content=\"2025-02-03T07:13:56+00:00\" \/>\n<meta property=\"og:image\" content=\"https:\/\/www.projecter.de\/wp-content\/uploads\/2020\/06\/PisHasenbein.jpg\" \/>\n\t<meta property=\"og:image:width\" content=\"570\" \/>\n\t<meta property=\"og:image:height\" content=\"430\" \/>\n\t<meta property=\"og:image:type\" content=\"image\/jpeg\" \/>\n<meta name=\"twitter:card\" content=\"summary_large_image\" \/>\n<script type=\"application\/ld+json\" class=\"yoast-schema-graph\">{\"@context\":\"https:\/\/schema.org\",\"@graph\":[{\"@type\":\"WebPage\",\"@id\":\"https:\/\/www.projecter.de\/agentur\/team\/pia-hasenbein\/\",\"url\":\"https:\/\/www.projecter.de\/agentur\/team\/pia-hasenbein\/\",\"name\":\"Pia Hasenbein - Projecter\",\"isPartOf\":{\"@id\":\"https:\/\/www.projecter.de\/#website\"},\"primaryImageOfPage\":{\"@id\":\"https:\/\/www.projecter.de\/agentur\/team\/pia-hasenbein\/#primaryimage\"},\"image\":{\"@id\":\"https:\/\/www.projecter.de\/agentur\/team\/pia-hasenbein\/#primaryimage\"},\"thumbnailUrl\":\"https:\/\/www.projecter.de\/wp-content\/uploads\/2020\/06\/PisHasenbein.jpg\",\"datePublished\":\"2020-06-08T10:26:25+00:00\",\"dateModified\":\"2025-02-03T07:13:56+00:00\",\"description\":\"\u00dcber 80 Online Marketing Experten arbeiten bei Projecter. Lernen Sie Pia Hasenbein genauer kennen.\",\"breadcrumb\":{\"@id\":\"https:\/\/www.projecter.de\/agentur\/team\/pia-hasenbein\/#breadcrumb\"},\"inLanguage\":\"en-US\",\"potentialAction\":[{\"@type\":\"ReadAction\",\"target\":[\"https:\/\/www.projecter.de\/agentur\/team\/pia-hasenbein\/\"]}]},{\"@type\":\"ImageObject\",\"inLanguage\":\"en-US\",\"@id\":\"https:\/\/www.projecter.de\/agentur\/team\/pia-hasenbein\/#primaryimage\",\"url\":\"https:\/\/www.projecter.de\/wp-content\/uploads\/2020\/06\/PisHasenbein.jpg\",\"contentUrl\":\"https:\/\/www.projecter.de\/wp-content\/uploads\/2020\/06\/PisHasenbein.jpg\",\"width\":570,\"height\":430},{\"@type\":\"BreadcrumbList\",\"@id\":\"https:\/\/www.projecter.de\/agentur\/team\/pia-hasenbein\/#breadcrumb\",\"itemListElement\":[{\"@type\":\"ListItem\",\"position\":1,\"name\":\"Startseite\",\"item\":\"https:\/\/www.projecter.de\/\"},{\"@type\":\"ListItem\",\"position\":2,\"name\":\"Pia Hasenbein\"}]},{\"@type\":\"WebSite\",\"@id\":\"https:\/\/www.projecter.de\/#website\",\"url\":\"https:\/\/www.projecter.de\/\",\"name\":\"Projecter\",\"description\":\"Online Marketing\",\"publisher\":{\"@id\":\"https:\/\/www.projecter.de\/#organization\"},\"potentialAction\":[{\"@type\":\"SearchAction\",\"target\":{\"@type\":\"EntryPoint\",\"urlTemplate\":\"https:\/\/www.projecter.de\/?s={search_term_string}\"},\"query-input\":{\"@type\":\"PropertyValueSpecification\",\"valueRequired\":true,\"valueName\":\"search_term_string\"}}],\"inLanguage\":\"en-US\"},{\"@type\":\"Organization\",\"@id\":\"https:\/\/www.projecter.de\/#organization\",\"name\":\"Projecter GmbH\",\"url\":\"https:\/\/www.projecter.de\/\",\"logo\":{\"@type\":\"ImageObject\",\"inLanguage\":\"en-US\",\"@id\":\"https:\/\/www.projecter.de\/#\/schema\/logo\/image\/\",\"url\":\"https:\/\/www.projecter.de\/wp-content\/uploads\/2019\/11\/projecter-logo.svg\",\"contentUrl\":\"https:\/\/www.projecter.de\/wp-content\/uploads\/2019\/11\/projecter-logo.svg\",\"caption\":\"Projecter GmbH\"},\"image\":{\"@id\":\"https:\/\/www.projecter.de\/#\/schema\/logo\/image\/\"}}]}<\/script>\n<!-- \/ Yoast SEO plugin. -->","yoast_head_json":{"title":"Pia Hasenbein - Projecter","description":"\u00dcber 80 Online Marketing Experten arbeiten bei Projecter. Lernen Sie Pia Hasenbein genauer kennen.","robots":{"index":"index","follow":"follow","max-snippet":"max-snippet:-1","max-image-preview":"max-image-preview:large","max-video-preview":"max-video-preview:-1"},"canonical":"https:\/\/www.projecter.de\/agentur\/team\/pia-hasenbein\/","og_locale":"en_US","og_type":"article","og_title":"Pia Hasenbein - Projecter","og_description":"\u00dcber 80 Online Marketing Experten arbeiten bei Projecter. Lernen Sie Pia Hasenbein genauer kennen.","og_url":"https:\/\/www.projecter.de\/agentur\/team\/pia-hasenbein\/","og_site_name":"Projecter","article_modified_time":"2025-02-03T07:13:56+00:00","og_image":[{"width":570,"height":430,"url":"https:\/\/www.projecter.de\/wp-content\/uploads\/2020\/06\/PisHasenbein.jpg","type":"image\/jpeg"}],"twitter_card":"summary_large_image","schema":{"@context":"https:\/\/schema.org","@graph":[{"@type":"WebPage","@id":"https:\/\/www.projecter.de\/agentur\/team\/pia-hasenbein\/","url":"https:\/\/www.projecter.de\/agentur\/team\/pia-hasenbein\/","name":"Pia Hasenbein - Projecter","isPartOf":{"@id":"https:\/\/www.projecter.de\/#website"},"primaryImageOfPage":{"@id":"https:\/\/www.projecter.de\/agentur\/team\/pia-hasenbein\/#primaryimage"},"image":{"@id":"https:\/\/www.projecter.de\/agentur\/team\/pia-hasenbein\/#primaryimage"},"thumbnailUrl":"https:\/\/www.projecter.de\/wp-content\/uploads\/2020\/06\/PisHasenbein.jpg","datePublished":"2020-06-08T10:26:25+00:00","dateModified":"2025-02-03T07:13:56+00:00","description":"\u00dcber 80 Online Marketing Experten arbeiten bei Projecter. Lernen Sie Pia Hasenbein genauer kennen.","breadcrumb":{"@id":"https:\/\/www.projecter.de\/agentur\/team\/pia-hasenbein\/#breadcrumb"},"inLanguage":"en-US","potentialAction":[{"@type":"ReadAction","target":["https:\/\/www.projecter.de\/agentur\/team\/pia-hasenbein\/"]}]},{"@type":"ImageObject","inLanguage":"en-US","@id":"https:\/\/www.projecter.de\/agentur\/team\/pia-hasenbein\/#primaryimage","url":"https:\/\/www.projecter.de\/wp-content\/uploads\/2020\/06\/PisHasenbein.jpg","contentUrl":"https:\/\/www.projecter.de\/wp-content\/uploads\/2020\/06\/PisHasenbein.jpg","width":570,"height":430},{"@type":"BreadcrumbList","@id":"https:\/\/www.projecter.de\/agentur\/team\/pia-hasenbein\/#breadcrumb","itemListElement":[{"@type":"ListItem","position":1,"name":"Startseite","item":"https:\/\/www.projecter.de\/"},{"@type":"ListItem","position":2,"name":"Pia Hasenbein"}]},{"@type":"WebSite","@id":"https:\/\/www.projecter.de\/#website","url":"https:\/\/www.projecter.de\/","name":"Projecter","description":"Online Marketing","publisher":{"@id":"https:\/\/www.projecter.de\/#organization"},"potentialAction":[{"@type":"SearchAction","target":{"@type":"EntryPoint","urlTemplate":"https:\/\/www.projecter.de\/?s={search_term_string}"},"query-input":{"@type":"PropertyValueSpecification","valueRequired":true,"valueName":"search_term_string"}}],"inLanguage":"en-US"},{"@type":"Organization","@id":"https:\/\/www.projecter.de\/#organization","name":"Projecter GmbH","url":"https:\/\/www.projecter.de\/","logo":{"@type":"ImageObject","inLanguage":"en-US","@id":"https:\/\/www.projecter.de\/#\/schema\/logo\/image\/","url":"https:\/\/www.projecter.de\/wp-content\/uploads\/2019\/11\/projecter-logo.svg","contentUrl":"https:\/\/www.projecter.de\/wp-content\/uploads\/2019\/11\/projecter-logo.svg","caption":"Projecter GmbH"},"image":{"@id":"https:\/\/www.projecter.de\/#\/schema\/logo\/image\/"}}]}},"_links":{"self":[{"href":"https:\/\/www.projecter.de\/en\/wp-json\/wp\/v2\/projecter_member\/44955","targetHints":{"allow":["GET"]}}],"collection":[{"href":"https:\/\/www.projecter.de\/en\/wp-json\/wp\/v2\/projecter_member"}],"about":[{"href":"https:\/\/www.projecter.de\/en\/wp-json\/wp\/v2\/types\/projecter_member"}],"wp:featuredmedia":[{"embeddable":true,"href":"https:\/\/www.projecter.de\/en\/wp-json\/wp\/v2\/media\/67401"}],"wp:attachment":[{"href":"https:\/\/www.projecter.de\/en\/wp-json\/wp\/v2\/media?parent=44955"}],"wp:term":[{"taxonomy":"projecter_member_category","embeddable":true,"href":"https:\/\/www.projecter.de\/en\/wp-json\/wp\/v2\/projecter_member_category?post=44955"}],"curies":[{"name":"wp","href":"https:\/\/api.w.org\/{rel}","templated":true}]}}