{"id":74627,"date":"2019-11-15T12:07:55","date_gmt":"2019-11-15T11:07:55","guid":{"rendered":"https:\/\/www.projecter.de\/agentur\/team\/katja-von-der-burg\/"},"modified":"2019-11-15T12:07:55","modified_gmt":"2019-11-15T11:07:55","slug":"katja-von-der-burg","status":"publish","type":"projecter_member","link":"https:\/\/www.projecter.de\/en\/agentur\/team\/katja-von-der-burg\/","title":{"rendered":"Katja von der Burg"},"content":{"rendered":"\n<div class=\"wp-block-media-text alignwide has-media-on-the-right is-stacked-on-mobile\"><div class=\"wp-block-media-text__content\">\n<h1 class=\"wp-block-heading is-style-heading-special has-black-color has-text-color\">Katja von der Burg<\/h1>\n\n\n<div class=\"wp-block-projecter-member\"><div class=\"member-position\">Gr\u00fcnderin &#038; Gesch\u00e4ftsf\u00fchrerin<\/div><div class=\"member-phone\"><a href=\"tel:+4988216869570\">+49 8821 6869570<\/a><\/div><ul class=\"social-icons\"><li><a href=\"https:\/\/twitter.com\/katjavonderburg\" target=\"_blank\" title=\"auf Twitter besuchen\"><i class=\"fab fa-twitter\"><\/i><\/a><\/li><li><a href=\"https:\/\/www.instagram.com\/katjavonderburg\/\" target=\"_blank\" title=\"auf Instagram besuchen\"><i class=\"fab fa-instagram\"><\/i><\/a><\/li><li><a href=\"https:\/\/www.linkedin.com\/in\/katjavonderburg\/\" target=\"_blank\" title=\"auf LinkedIn besuchen\"><i class=\"fab fa-linkedin-in\"><\/i><\/a><\/li><li><a href=\"http:\/\/www.xing.com\/profile\/Katja_vonderBurg2\" target=\"_blank\" title=\"auf Xing besuchen\"><i class=\"fab fa-xing\"><\/i><\/a><\/li><\/ul><\/div>\n\n\n<p> <a href=\"mailto:katja@projecter.de\">katja@projecter.de<\/a><\/p>\n<\/div><figure class=\"wp-block-media-text__media\"><img decoding=\"async\" width=\"570\" height=\"430\" src=\"https:\/\/www.projecter.de\/wp-content\/uploads\/2019\/11\/katja-von-der-burg.png\" alt=\"Katja von der Burg\" class=\"wp-image-45176 size-full\" srcset=\"https:\/\/www.projecter.de\/wp-content\/uploads\/2019\/11\/katja-von-der-burg.png 570w, https:\/\/www.projecter.de\/wp-content\/uploads\/2019\/11\/katja-von-der-burg-370x280.png 370w\" sizes=\"(max-width: 570px) 100vw, 570px\" \/><\/figure><\/div>\n\n\n\n<div class=\"wp-block-projecter-spacer\"><\/div>\n\n\n\n<div class=\"wp-block-columns is-layout-flex wp-container-core-columns-is-layout-9d6595d7 wp-block-columns-is-layout-flex\">\n<div class=\"wp-block-column is-layout-flow wp-block-column-is-layout-flow\" style=\"flex-basis:66.66%\">\n<p>Als Gr\u00fcnderin und gesch\u00e4ftsf\u00fchrende Gesellschafterin der Agentur ist Katja von der Burg seit 2007 am Start und damit schon fast ein Urgestein der Online Marketing Branche. Als eine von drei Gesch\u00e4ftsf\u00fchrer*innen leitet sie die Agentur mit mittlerweile mehr als 70 Mitarbeitern vom Standort Garmisch-Partenkirchen aus. Ihre Spezialthemen sind Social Media, Influencer und Content Marketing und alles was sich um Outdoor und Sport dreht.&nbsp;<\/p>\n\n\n\n<p>Urspr\u00fcnglich hat Katja Journalistik und Politikwissenschaften in Leipzig studiert, aber schon seit den ersten Modemverbindungen ihre Liebe f\u00fcr alle Internet-Themen entdeckt. Bei einem Praktikum bei der UNO in Genf und dem Volontariat bei der FAZ in Frankfurt entdeckte sie zudem Wirtschaftsthemen f\u00fcr sich und landete nach dem Studium zun\u00e4chst in der Online Marketing Abteilung des Leipziger Startups Spreadshirt. Von der Aufbruchstimmung dort angesteckt, gr\u00fcndete sie 2007 Projecter und den Rest der Geschichte k\u00f6nnt ihr hier nachlesen.<\/p>\n\n\n\n<p>Wenn sie nicht gerade online ist, ist Katja wahrscheinlich gerade auf einem der Berge vor ihrer Haust\u00fcr und mit Trailrunning, Bergsteigen, Skifahren, Skitouren, Triathlon, Rennradfahren oder Schwimmen besch\u00e4ftigt. Das alles auch gerne mit ihrer Familie im Schlepptau oder Leipziger Kollegen, die Bergluft schnuppern wollen.<\/p>\n<\/div>\n\n\n\n<div class=\"wp-block-column is-layout-flow wp-block-column-is-layout-flow\" style=\"flex-basis:33.33%\">\n<h4 class=\"wp-block-heading has-black-color has-text-color\">Thematische Schwerpunkte<\/h4>\n\n\n\n<ul class=\"wp-block-list is-style-default\">\n<li>Suchmaschinenmarketing<\/li>\n\n\n\n<li>Social Media Marketing<\/li>\n\n\n\n<li>Affiliate Marketing<\/li>\n\n\n\n<li>Suchmaschinenoptimierung<\/li>\n<\/ul>\n\n\n\n<div style=\"height:35px\" aria-hidden=\"true\" class=\"wp-block-spacer\"><\/div>\n\n\n\n<h4 class=\"wp-block-heading has-black-color has-text-color\">Zertifizierungen<\/h4>\n\n\n\n<ul class=\"wp-block-list\">\n<li>Google Search<\/li>\n\n\n\n<li>Facebook Pages Expert<br><\/li>\n<\/ul>\n\n\n\n<p><\/p>\n<\/div>\n<\/div>\n\n\n\n<div style=\"height:60px\" aria-hidden=\"true\" class=\"wp-block-spacer\"><\/div>\n\n\n\n<h3 class=\"wp-block-heading has-black-color has-text-color\">Neueste Blogeintr\u00e4ge<\/h3>\n\n\n<div class=\"wp-block-projecter-latest-posts\"><div class=\"grid-row grid-row-3\"><div class=\"item\"><a class=\"post-thumbnail\" href=\"https:\/\/www.projecter.de\/blog\/weekly\/meta-ueberholt-google-mythos-schockt-und-margaret-atwood-chattet-mit-claude-projecter-weekly-15-2026\/\"><img decoding=\"async\" width=\"370\" height=\"280\" src=\"https:\/\/www.projecter.de\/wp-content\/uploads\/2026\/04\/PJ-Weekly-15-Thumbnail-370x280.jpg\" class=\"full-width wp-post-image\" alt=\"\" srcset=\"https:\/\/www.projecter.de\/wp-content\/uploads\/2026\/04\/PJ-Weekly-15-Thumbnail-370x280.jpg 370w, https:\/\/www.projecter.de\/wp-content\/uploads\/2026\/04\/PJ-Weekly-15-Thumbnail-570x430.jpg 570w, https:\/\/www.projecter.de\/wp-content\/uploads\/2026\/04\/PJ-Weekly-15-Thumbnail-622x470.jpg 622w, https:\/\/www.projecter.de\/wp-content\/uploads\/2026\/04\/PJ-Weekly-15-Thumbnail-768x580.jpg 768w, https:\/\/www.projecter.de\/wp-content\/uploads\/2026\/04\/PJ-Weekly-15-Thumbnail.jpg 900w\" sizes=\"(max-width: 370px) 100vw, 370px\" \/><\/a><h3 class=\"post-title is-style-h4\"><a href=\"https:\/\/www.projecter.de\/blog\/weekly\/meta-ueberholt-google-mythos-schockt-und-margaret-atwood-chattet-mit-claude-projecter-weekly-15-2026\/\">Meta \u00fcberholt Google, Mythos schockt und Margaret Atwood chattet mit Claude | Projecter Weekly #15 2026<\/a><\/h3><div class=\"post-meta has-black-color\"><span class=\"meta-date\">16.04.2026<\/span><span class=\"meta-reading\">8 min<\/span><span class=\"meta-category\"><a href=\"https:\/\/www.projecter.de\/blog\/weekly\/\" rel=\"category tag\">Weekly<\/a><\/span><\/div><div class=\"post-excerpt\"><p>Mythos ist wohl noch schlauer die Branche zum Zeitpunkt des Leaks dachte, denn die F\u00e4higkeit, Sicherheitsl\u00fccken zu finden, ist nur eine von vielen. Wie beruhigend &#8230; nicht. Immerhin gibt es jetzt ganz neue Ansprechpartner in Deutschland.<\/p>\n<\/div><a class=\"link-default\" href=\"https:\/\/www.projecter.de\/blog\/weekly\/meta-ueberholt-google-mythos-schockt-und-margaret-atwood-chattet-mit-claude-projecter-weekly-15-2026\/\">jetzt lesen<\/a><\/div><div class=\"item\"><a class=\"post-thumbnail\" href=\"https:\/\/www.projecter.de\/blog\/weekly\/deutschland-app-ki-boersenfieber-und-nutella-im-all-projecter-weekly-14-2026\/\"><img decoding=\"async\" width=\"370\" height=\"280\" src=\"https:\/\/www.projecter.de\/wp-content\/uploads\/2026\/04\/Weekly-13-370x280.jpg\" class=\"full-width wp-post-image\" alt=\"\" srcset=\"https:\/\/www.projecter.de\/wp-content\/uploads\/2026\/04\/Weekly-13-370x280.jpg 370w, https:\/\/www.projecter.de\/wp-content\/uploads\/2026\/04\/Weekly-13-570x430.jpg 570w, https:\/\/www.projecter.de\/wp-content\/uploads\/2026\/04\/Weekly-13-622x470.jpg 622w, https:\/\/www.projecter.de\/wp-content\/uploads\/2026\/04\/Weekly-13-768x580.jpg 768w, https:\/\/www.projecter.de\/wp-content\/uploads\/2026\/04\/Weekly-13.jpg 900w\" sizes=\"(max-width: 370px) 100vw, 370px\" \/><\/a><h3 class=\"post-title is-style-h4\"><a href=\"https:\/\/www.projecter.de\/blog\/weekly\/deutschland-app-ki-boersenfieber-und-nutella-im-all-projecter-weekly-14-2026\/\">Deutschland-App, KI-B\u00f6rsenfieber und Nutella im All | Projecter Weekly #14 2026<\/a><\/h3><div class=\"post-meta has-black-color\"><span class=\"meta-date\">08.04.2026<\/span><span class=\"meta-reading\"><\/span><span class=\"meta-category\"><a href=\"https:\/\/www.projecter.de\/blog\/weekly\/\" rel=\"category tag\">Weekly<\/a><\/span><\/div><div class=\"post-excerpt\"><p>Gerade noch hat OpenAI den Nebenprojekten abgeschworen, kauft das Unternehmen nun einen Podcast. Anthropic sperrt neuerdings KI-Agenten aus und das mit dem Social-Media-Verbot in Australien hat bisher weniger gut geklappt.<\/p>\n<\/div><a class=\"link-default\" href=\"https:\/\/www.projecter.de\/blog\/weekly\/deutschland-app-ki-boersenfieber-und-nutella-im-all-projecter-weekly-14-2026\/\">jetzt lesen<\/a><\/div><div class=\"item\"><a class=\"post-thumbnail\" href=\"https:\/\/www.projecter.de\/blog\/weekly\/openclaw-fieber-wenn-oma-in-shenzhen-hummer-zuechtet-%f0%9f%a6%9e-projecter-weekly-12-2026\/\"><img decoding=\"async\" width=\"370\" height=\"280\" src=\"https:\/\/www.projecter.de\/wp-content\/uploads\/2026\/03\/Projecter-Weekly-12-Thumbnail-370x280.png\" class=\"full-width wp-post-image\" alt=\"\" srcset=\"https:\/\/www.projecter.de\/wp-content\/uploads\/2026\/03\/Projecter-Weekly-12-Thumbnail-370x280.png 370w, https:\/\/www.projecter.de\/wp-content\/uploads\/2026\/03\/Projecter-Weekly-12-Thumbnail-570x430.png 570w, https:\/\/www.projecter.de\/wp-content\/uploads\/2026\/03\/Projecter-Weekly-12-Thumbnail-622x470.png 622w, https:\/\/www.projecter.de\/wp-content\/uploads\/2026\/03\/Projecter-Weekly-12-Thumbnail-768x580.png 768w, https:\/\/www.projecter.de\/wp-content\/uploads\/2026\/03\/Projecter-Weekly-12-Thumbnail.png 900w\" sizes=\"(max-width: 370px) 100vw, 370px\" \/><\/a><h3 class=\"post-title is-style-h4\"><a href=\"https:\/\/www.projecter.de\/blog\/weekly\/openclaw-fieber-wenn-oma-in-shenzhen-hummer-zuechtet-%f0%9f%a6%9e-projecter-weekly-12-2026\/\">OpenClaw-Fieber: Wenn Oma in Shenzhen Hummer z\u00fcchtet \ud83e\udd9e | Projecter Weekly #12 2026<\/a><\/h3><div class=\"post-meta has-black-color\"><span class=\"meta-date\">27.03.2026<\/span><span class=\"meta-reading\">8 min<\/span><span class=\"meta-category\"><a href=\"https:\/\/www.projecter.de\/blog\/weekly\/\" rel=\"category tag\">Weekly<\/a><\/span><\/div><div class=\"post-excerpt\"><p>The Future is now&#8230; mal wieder. Wir haben Updates von der SXSW-Konferenz und schauen uns genauer an, was OpenClaw in der Zwischenzeit mit Agentic AI gemacht hat, unter anderem in China. Idealo macht sich in ChatGPT breit und Musk und Zuckerberg m\u00fcssen jeweils eine saftige Niederlage einstecken.<\/p>\n<\/div><a class=\"link-default\" href=\"https:\/\/www.projecter.de\/blog\/weekly\/openclaw-fieber-wenn-oma-in-shenzhen-hummer-zuechtet-%f0%9f%a6%9e-projecter-weekly-12-2026\/\">jetzt lesen<\/a><\/div><\/div><\/div>","protected":false},"excerpt":{"rendered":"<p>Lorem ipsum dolor sit amet, consectetuer adipiscing elit. Aenean commodo ligula eget dolor. Aenean massa.<\/p>\n","protected":false},"featured_media":69984,"template":"","projecter_member_category":[],"class_list":["post-74627","projecter_member","type-projecter_member","status-publish","has-post-thumbnail","hentry"],"acf":[],"yoast_head":"<!-- This site is optimized with the Yoast SEO plugin v26.8 - https:\/\/yoast.com\/product\/yoast-seo-wordpress\/ -->\n<title>Katja von der Burg - Projecter<\/title>\n<meta name=\"description\" content=\"\u00dcber 80 Online Marketing Experten arbeiten bei Projecter. Lernen Sie Katja von der Burg genauer kennen.\" \/>\n<meta name=\"robots\" content=\"index, follow, max-snippet:-1, max-image-preview:large, max-video-preview:-1\" \/>\n<link rel=\"canonical\" href=\"https:\/\/www.projecter.de\/en\/agentur\/team\/katja-von-der-burg\/\" \/>\n<meta property=\"og:locale\" content=\"en_US\" \/>\n<meta property=\"og:type\" content=\"article\" \/>\n<meta property=\"og:title\" content=\"Katja von der Burg - Projecter\" \/>\n<meta property=\"og:description\" content=\"\u00dcber 80 Online Marketing Experten arbeiten bei Projecter. Lernen Sie Katja von der Burg genauer kennen.\" \/>\n<meta property=\"og:url\" content=\"https:\/\/www.projecter.de\/en\/agentur\/team\/katja-von-der-burg\/\" \/>\n<meta property=\"og:site_name\" content=\"Projecter\" \/>\n<meta property=\"og:image\" content=\"https:\/\/www.projecter.de\/wp-content\/uploads\/2019\/11\/katja-von-der-burg.png\" \/>\n<meta name=\"twitter:card\" content=\"summary_large_image\" \/>\n<script type=\"application\/ld+json\" class=\"yoast-schema-graph\">{\"@context\":\"https:\/\/schema.org\",\"@graph\":[{\"@type\":\"WebPage\",\"@id\":\"https:\/\/www.projecter.de\/en\/agentur\/team\/katja-von-der-burg\/\",\"url\":\"https:\/\/www.projecter.de\/en\/agentur\/team\/katja-von-der-burg\/\",\"name\":\"Katja von der Burg - Projecter\",\"isPartOf\":{\"@id\":\"https:\/\/www.projecter.de\/#website\"},\"primaryImageOfPage\":{\"@id\":\"https:\/\/www.projecter.de\/en\/agentur\/team\/katja-von-der-burg\/#primaryimage\"},\"image\":{\"@id\":\"https:\/\/www.projecter.de\/en\/agentur\/team\/katja-von-der-burg\/#primaryimage\"},\"thumbnailUrl\":\"https:\/\/www.projecter.de\/wp-content\/uploads\/2019\/11\/katja-von-der-burg.png\",\"datePublished\":\"2019-11-15T11:07:55+00:00\",\"description\":\"\u00dcber 80 Online Marketing Experten arbeiten bei Projecter. Lernen Sie Katja von der Burg genauer kennen.\",\"breadcrumb\":{\"@id\":\"https:\/\/www.projecter.de\/en\/agentur\/team\/katja-von-der-burg\/#breadcrumb\"},\"inLanguage\":\"en-US\",\"potentialAction\":[{\"@type\":\"ReadAction\",\"target\":[\"https:\/\/www.projecter.de\/en\/agentur\/team\/katja-von-der-burg\/\"]}]},{\"@type\":\"ImageObject\",\"inLanguage\":\"en-US\",\"@id\":\"https:\/\/www.projecter.de\/en\/agentur\/team\/katja-von-der-burg\/#primaryimage\",\"url\":\"https:\/\/www.projecter.de\/wp-content\/uploads\/2019\/11\/katja-von-der-burg.png\",\"contentUrl\":\"https:\/\/www.projecter.de\/wp-content\/uploads\/2019\/11\/katja-von-der-burg.png\",\"width\":570,\"height\":430},{\"@type\":\"BreadcrumbList\",\"@id\":\"https:\/\/www.projecter.de\/en\/agentur\/team\/katja-von-der-burg\/#breadcrumb\",\"itemListElement\":[{\"@type\":\"ListItem\",\"position\":1,\"name\":\"Startseite\",\"item\":\"https:\/\/www.projecter.de\/\"},{\"@type\":\"ListItem\",\"position\":2,\"name\":\"Katja von der Burg\"}]},{\"@type\":\"WebSite\",\"@id\":\"https:\/\/www.projecter.de\/#website\",\"url\":\"https:\/\/www.projecter.de\/\",\"name\":\"Projecter\",\"description\":\"Online Marketing\",\"publisher\":{\"@id\":\"https:\/\/www.projecter.de\/#organization\"},\"potentialAction\":[{\"@type\":\"SearchAction\",\"target\":{\"@type\":\"EntryPoint\",\"urlTemplate\":\"https:\/\/www.projecter.de\/?s={search_term_string}\"},\"query-input\":{\"@type\":\"PropertyValueSpecification\",\"valueRequired\":true,\"valueName\":\"search_term_string\"}}],\"inLanguage\":\"en-US\"},{\"@type\":\"Organization\",\"@id\":\"https:\/\/www.projecter.de\/#organization\",\"name\":\"Projecter GmbH\",\"url\":\"https:\/\/www.projecter.de\/\",\"logo\":{\"@type\":\"ImageObject\",\"inLanguage\":\"en-US\",\"@id\":\"https:\/\/www.projecter.de\/#\/schema\/logo\/image\/\",\"url\":\"https:\/\/www.projecter.de\/wp-content\/uploads\/2019\/11\/projecter-logo.svg\",\"contentUrl\":\"https:\/\/www.projecter.de\/wp-content\/uploads\/2019\/11\/projecter-logo.svg\",\"caption\":\"Projecter GmbH\"},\"image\":{\"@id\":\"https:\/\/www.projecter.de\/#\/schema\/logo\/image\/\"}}]}<\/script>\n<!-- \/ Yoast SEO plugin. -->","yoast_head_json":{"title":"Katja von der Burg - Projecter","description":"\u00dcber 80 Online Marketing Experten arbeiten bei Projecter. Lernen Sie Katja von der Burg genauer kennen.","robots":{"index":"index","follow":"follow","max-snippet":"max-snippet:-1","max-image-preview":"max-image-preview:large","max-video-preview":"max-video-preview:-1"},"canonical":"https:\/\/www.projecter.de\/en\/agentur\/team\/katja-von-der-burg\/","og_locale":"en_US","og_type":"article","og_title":"Katja von der Burg - Projecter","og_description":"\u00dcber 80 Online Marketing Experten arbeiten bei Projecter. Lernen Sie Katja von der Burg genauer kennen.","og_url":"https:\/\/www.projecter.de\/en\/agentur\/team\/katja-von-der-burg\/","og_site_name":"Projecter","og_image":[{"url":"https:\/\/www.projecter.de\/wp-content\/uploads\/2019\/11\/katja-von-der-burg.png","type":"","width":"","height":""}],"twitter_card":"summary_large_image","schema":{"@context":"https:\/\/schema.org","@graph":[{"@type":"WebPage","@id":"https:\/\/www.projecter.de\/en\/agentur\/team\/katja-von-der-burg\/","url":"https:\/\/www.projecter.de\/en\/agentur\/team\/katja-von-der-burg\/","name":"Katja von der Burg - Projecter","isPartOf":{"@id":"https:\/\/www.projecter.de\/#website"},"primaryImageOfPage":{"@id":"https:\/\/www.projecter.de\/en\/agentur\/team\/katja-von-der-burg\/#primaryimage"},"image":{"@id":"https:\/\/www.projecter.de\/en\/agentur\/team\/katja-von-der-burg\/#primaryimage"},"thumbnailUrl":"https:\/\/www.projecter.de\/wp-content\/uploads\/2019\/11\/katja-von-der-burg.png","datePublished":"2019-11-15T11:07:55+00:00","description":"\u00dcber 80 Online Marketing Experten arbeiten bei Projecter. Lernen Sie Katja von der Burg genauer kennen.","breadcrumb":{"@id":"https:\/\/www.projecter.de\/en\/agentur\/team\/katja-von-der-burg\/#breadcrumb"},"inLanguage":"en-US","potentialAction":[{"@type":"ReadAction","target":["https:\/\/www.projecter.de\/en\/agentur\/team\/katja-von-der-burg\/"]}]},{"@type":"ImageObject","inLanguage":"en-US","@id":"https:\/\/www.projecter.de\/en\/agentur\/team\/katja-von-der-burg\/#primaryimage","url":"https:\/\/www.projecter.de\/wp-content\/uploads\/2019\/11\/katja-von-der-burg.png","contentUrl":"https:\/\/www.projecter.de\/wp-content\/uploads\/2019\/11\/katja-von-der-burg.png","width":570,"height":430},{"@type":"BreadcrumbList","@id":"https:\/\/www.projecter.de\/en\/agentur\/team\/katja-von-der-burg\/#breadcrumb","itemListElement":[{"@type":"ListItem","position":1,"name":"Startseite","item":"https:\/\/www.projecter.de\/"},{"@type":"ListItem","position":2,"name":"Katja von der Burg"}]},{"@type":"WebSite","@id":"https:\/\/www.projecter.de\/#website","url":"https:\/\/www.projecter.de\/","name":"Projecter","description":"Online Marketing","publisher":{"@id":"https:\/\/www.projecter.de\/#organization"},"potentialAction":[{"@type":"SearchAction","target":{"@type":"EntryPoint","urlTemplate":"https:\/\/www.projecter.de\/?s={search_term_string}"},"query-input":{"@type":"PropertyValueSpecification","valueRequired":true,"valueName":"search_term_string"}}],"inLanguage":"en-US"},{"@type":"Organization","@id":"https:\/\/www.projecter.de\/#organization","name":"Projecter GmbH","url":"https:\/\/www.projecter.de\/","logo":{"@type":"ImageObject","inLanguage":"en-US","@id":"https:\/\/www.projecter.de\/#\/schema\/logo\/image\/","url":"https:\/\/www.projecter.de\/wp-content\/uploads\/2019\/11\/projecter-logo.svg","contentUrl":"https:\/\/www.projecter.de\/wp-content\/uploads\/2019\/11\/projecter-logo.svg","caption":"Projecter GmbH"},"image":{"@id":"https:\/\/www.projecter.de\/#\/schema\/logo\/image\/"}}]}},"_links":{"self":[{"href":"https:\/\/www.projecter.de\/en\/wp-json\/wp\/v2\/projecter_member\/74627","targetHints":{"allow":["GET"]}}],"collection":[{"href":"https:\/\/www.projecter.de\/en\/wp-json\/wp\/v2\/projecter_member"}],"about":[{"href":"https:\/\/www.projecter.de\/en\/wp-json\/wp\/v2\/types\/projecter_member"}],"wp:featuredmedia":[{"embeddable":true,"href":"https:\/\/www.projecter.de\/en\/wp-json\/wp\/v2\/media\/69984"}],"wp:attachment":[{"href":"https:\/\/www.projecter.de\/en\/wp-json\/wp\/v2\/media?parent=74627"}],"wp:term":[{"taxonomy":"projecter_member_category","embeddable":true,"href":"https:\/\/www.projecter.de\/en\/wp-json\/wp\/v2\/projecter_member_category?post=74627"}],"curies":[{"name":"wp","href":"https:\/\/api.w.org\/{rel}","templated":true}]}}