{"id":74639,"date":"2020-06-09T09:51:01","date_gmt":"2020-06-09T07:51:01","guid":{"rendered":"https:\/\/www.projecter.de\/agentur\/team\/laura-nelle\/"},"modified":"2020-06-09T09:51:01","modified_gmt":"2020-06-09T07:51:01","slug":"laura-nelle","status":"publish","type":"projecter_member","link":"https:\/\/www.projecter.de\/en\/agentur\/team\/laura-nelle\/","title":{"rendered":"Laura Nelle"},"content":{"rendered":"\n<div class=\"wp-block-media-text alignwide has-media-on-the-right is-stacked-on-mobile\"><div class=\"wp-block-media-text__content\">\n<h1 class=\"wp-block-heading is-style-heading-special has-black-color has-text-color\">Laura Nelle<\/h1>\n\n\n<div class=\"wp-block-projecter-member\"><div class=\"member-position\">Team Lead SEA<\/div><div class=\"member-phone\"><a href=\"tel:034139294533\">0341-39294533<\/a><\/div><ul class=\"social-icons\"><li><a href=\"https:\/\/www.linkedin.com\/in\/laura-nelle\/\" target=\"_blank\" title=\"auf LinkedIn besuchen\"><i class=\"fab fa-linkedin-in\"><\/i><\/a><\/li><li><a href=\"https:\/\/www.xing.com\/profile\/Laura_Nelle\" target=\"_blank\" title=\"auf Xing besuchen\"><i class=\"fab fa-xing\"><\/i><\/a><\/li><\/ul><\/div>\n\n\n<p> <a href=\"mailto:laura@projecter.de\">laura@projecter.de<\/a><\/p>\n<\/div><figure class=\"wp-block-media-text__media\"><img decoding=\"async\" width=\"570\" height=\"430\" src=\"https:\/\/www.projecter.de\/wp-content\/uploads\/2024\/06\/PK-Img_570x430_LauraNelle.jpg\" alt=\"\" class=\"wp-image-68069 size-full\" srcset=\"https:\/\/www.projecter.de\/wp-content\/uploads\/2024\/06\/PK-Img_570x430_LauraNelle.jpg 570w, https:\/\/www.projecter.de\/wp-content\/uploads\/2024\/06\/PK-Img_570x430_LauraNelle-370x280.jpg 370w\" sizes=\"(max-width: 570px) 100vw, 570px\" \/><\/figure><\/div>\n\n\n\n<div class=\"wp-block-projecter-spacer\"><\/div>\n\n\n\n<div class=\"wp-block-columns is-layout-flex wp-container-core-columns-is-layout-9d6595d7 wp-block-columns-is-layout-flex\">\n<div class=\"wp-block-column is-layout-flow wp-block-column-is-layout-flow\">\n<h4 class=\"wp-block-heading\"><strong>Thematische Schwerpunkte:<\/strong><\/h4>\n\n\n\n<ul class=\"wp-block-list\">\n<li>Suchmaschinenmarketing<\/li>\n\n\n\n<li>YouTube Ads<\/li>\n\n\n\n<li>Ausbildung von Mitarbeiter*innen<\/li>\n<\/ul>\n<\/div>\n\n\n\n<div class=\"wp-block-column is-layout-flow wp-block-column-is-layout-flow\">\n<h4 class=\"wp-block-heading\"><strong>Zertifizierungen:<\/strong><\/h4>\n\n\n\n<ul class=\"wp-block-list\">\n<li>Google Ads Suchmaschinenwerbung<\/li>\n\n\n\n<li>Google Ads&nbsp; Display-Werbung<\/li>\n\n\n\n<li>Google Ads Shopping-Anzeigen<\/li>\n\n\n\n<li>Google Ads Videowerbung<\/li>\n\n\n\n<li>Google Ads App-Marketing<\/li>\n<\/ul>\n\n\n\n<p><\/p>\n<\/div>\n\n\n\n<div class=\"wp-block-column is-layout-flow wp-block-column-is-layout-flow\">\n<h4 class=\"wp-block-heading\"><strong>Speaker Auftritte:<\/strong><\/h4>\n\n\n\n<ul class=\"wp-block-list\">\n<li>SMX M\u00fcnchen, 2021 (mit Pia Hasenbein)<br>SEA-Hack Personas: Ein Appell f\u00fcr mehr Kreativit\u00e4t!<\/li>\n\n\n\n<li>Podcast-Gast bei Verklickt &amp; Zugen\u00e4ht, 2021 (mit Pia Hasenbein)<\/li>\n\n\n\n<li>SMX M\u00fcnchen, 2022<br>Look Beyond: Warum &amp; f\u00fcr wen sich Microsoft Advertising lohnt<\/li>\n\n\n\n<li>Digital Bash SEA, 2022<br>Bessere Sichtbarkeit durch Anzeigeneffektivit\u00e4t im SEA \u2013 Warum ihr diese Kennzahl nicht vernachl\u00e4ssigen solltet.<\/li>\n<\/ul>\n<\/div>\n<\/div>\n\n\n\n<div class=\"wp-block-columns is-layout-flex wp-container-core-columns-is-layout-9d6595d7 wp-block-columns-is-layout-flex\">\n<div class=\"wp-block-column is-layout-flow wp-block-column-is-layout-flow\" style=\"flex-basis:66.66%\">\n<p>Laura ist seit 2018 Teil des Projecter Teams und verantwortet als Team Lead gemeinsam mit Christin, Anja und Rebecca den SEA-Kanal.<\/p>\n\n\n\n<p>Durch ihren eigenen Weg in der Agentur vom Trainee bis zum Team Lead liegt Laura das Thema Ausbildung besonders am Herzen. Sie f\u00f6rdert den fachlichen Austausch zwischen Kolleg*innen und hat den Anspruch, stets einen Funken Begeisterung f\u00fcr das Suchmaschinenmarketing zu entfachen.<\/p>\n\n\n\n<p>Laura betreut sowohl nationale, als auch internationale Unternehmen wie Carhartt WIP, Maciag Offroad und Preisvergleich.de . Sie ber\u00e4t unsere Kund*innen in allen Belangen im Bereich Suchmaschinenmarketing und entwickelt gemeinsam mit ihnen passende SEA-Strategien.<\/p>\n\n\n\n<p>Neben der Wissensvermittlung in der Agentur, gibt Laura ihre Erfahrungen auch gern als Speaker auf Konferenzen und anderen Events weiter.<\/p>\n<\/div>\n<\/div>\n\n\n\n<div style=\"height:60px\" aria-hidden=\"true\" class=\"wp-block-spacer\"><\/div>\n\n\n\n<h3 class=\"wp-block-heading has-black-color has-text-color\">Neueste Blogeintr\u00e4ge<\/h3>\n\n\n<div class=\"wp-block-projecter-latest-posts\"><div class=\"grid-row grid-row-3\"><div class=\"item\"><a class=\"post-thumbnail\" href=\"https:\/\/www.projecter.de\/blog\/sea\/projecter-kolleginnen-auf-der-smx-muenchen-2023\/\"><img decoding=\"async\" width=\"370\" height=\"280\" src=\"https:\/\/www.projecter.de\/wp-content\/uploads\/2023\/03\/SMX-Muenchen-2023-370x280.jpg\" class=\"full-width wp-post-image\" alt=\"\" \/><\/a><h3 class=\"post-title is-style-h4\"><a href=\"https:\/\/www.projecter.de\/blog\/sea\/projecter-kolleginnen-auf-der-smx-muenchen-2023\/\">Vom \u201eScreaming Frog\u201c bis zum Visual Storytelling: die SMX M\u00fcnchen 2023<\/a><\/h3><div class=\"post-meta has-black-color\"><span class=\"meta-date\">27.03.2023<\/span><span class=\"meta-reading\">4 min<\/span><span class=\"meta-category\"><a href=\"https:\/\/www.projecter.de\/blog\/sea\/\" rel=\"category tag\">SEA<\/a>, <a href=\"https:\/\/www.projecter.de\/blog\/seo\/\" rel=\"category tag\">SEO<\/a><\/span><\/div><div class=\"post-excerpt\"><p>Diesen Monat haben f\u00fcr uns bei Projecter die Online-Marketing-Konferenzen 2023 begonnen! Mehr als 1.000 Teilnehmer*innen besuchten ab 15. M\u00e4rz die Search Marketing Expo 2023, kurz SMX, auf der Messe M\u00fcnchen \u2013 darunter auch die Projecter-Kolleginnen Cathleen Kuka-Voigt, Nadine Gebhardt und Laura Nelle. Im Blogbeitrag teilen sie ihre interessantesten Eindr\u00fccke von der Konferenz mit euch.<\/p>\n<\/div><a class=\"link-default\" href=\"https:\/\/www.projecter.de\/blog\/sea\/projecter-kolleginnen-auf-der-smx-muenchen-2023\/\">jetzt lesen<\/a><\/div><div class=\"item\"><a class=\"post-thumbnail\" href=\"https:\/\/www.projecter.de\/blog\/projecter\/projecter-sommertipps-die-serie-all-you-need\/\"><img decoding=\"async\" width=\"370\" height=\"280\" src=\"https:\/\/www.projecter.de\/wp-content\/uploads\/2022\/08\/Projecter-Sommertipps-All-you-need-370x280.jpg\" class=\"full-width wp-post-image\" alt=\"\" srcset=\"https:\/\/www.projecter.de\/wp-content\/uploads\/2022\/08\/Projecter-Sommertipps-All-you-need-370x280.jpg 370w, https:\/\/www.projecter.de\/wp-content\/uploads\/2022\/08\/Projecter-Sommertipps-All-you-need-570x430.jpg 570w, https:\/\/www.projecter.de\/wp-content\/uploads\/2022\/08\/Projecter-Sommertipps-All-you-need-622x470.jpg 622w, https:\/\/www.projecter.de\/wp-content\/uploads\/2022\/08\/Projecter-Sommertipps-All-you-need-768x580.jpg 768w, https:\/\/www.projecter.de\/wp-content\/uploads\/2022\/08\/Projecter-Sommertipps-All-you-need.jpg 900w\" sizes=\"(max-width: 370px) 100vw, 370px\" \/><\/a><h3 class=\"post-title is-style-h4\"><a href=\"https:\/\/www.projecter.de\/blog\/projecter\/projecter-sommertipps-die-serie-all-you-need\/\">Projecter-Sommertipps: Die Serie \u201eAll you need\u201c<\/a><\/h3><div class=\"post-meta has-black-color\"><span class=\"meta-date\">09.08.2022<\/span><span class=\"meta-reading\">4 min<\/span><span class=\"meta-category\"><a href=\"https:\/\/www.projecter.de\/blog\/projecter\/\" rel=\"category tag\">#projecterlove<\/a><\/span><\/div><div class=\"post-excerpt\"><p>Liebe, Selbstfindung, Online-Dating, Geschlechterstereotype und mehr: Die Dramedy-Serie \u201eAll you need\u201c besch\u00e4ftigt sich mit gro\u00dfen Themen auf kurzweilige Art und Weise und hat dazu noch ordentlich #summervibes im Gep\u00e4ck. Lauras Sommertipp l\u00e4dt zum Mitf\u00fchlen, -lachen und -weinen sowie zu neuen Perspektiven ein und ist in der ARD Mediathek zu sehen.<\/p>\n<\/div><a class=\"link-default\" href=\"https:\/\/www.projecter.de\/blog\/projecter\/projecter-sommertipps-die-serie-all-you-need\/\">jetzt lesen<\/a><\/div><div class=\"item\"><a class=\"post-thumbnail\" href=\"https:\/\/www.projecter.de\/blog\/sea\/ein-blogbeitrag-ueber-microsoft-advertising-den-du-trotzdem-lesen-solltest\/\"><img decoding=\"async\" width=\"370\" height=\"280\" src=\"https:\/\/www.projecter.de\/wp-content\/uploads\/2022\/04\/SMX-Microsoft-Advertising-370x280.jpg\" class=\"full-width wp-post-image\" alt=\"\" \/><\/a><h3 class=\"post-title is-style-h4\"><a href=\"https:\/\/www.projecter.de\/blog\/sea\/ein-blogbeitrag-ueber-microsoft-advertising-den-du-trotzdem-lesen-solltest\/\">Ein Blogbeitrag \u00fcber Microsoft Advertising, den du trotzdem lesen solltest<\/a><\/h3><div class=\"post-meta has-black-color\"><span class=\"meta-date\">14.04.2022<\/span><span class=\"meta-reading\">6 min<\/span><span class=\"meta-category\"><a href=\"https:\/\/www.projecter.de\/blog\/sea\/\" rel=\"category tag\">SEA<\/a><\/span><\/div><div class=\"post-excerpt\"><p>Als Einstieg in die Welt des Suchmaschinenmarketings nutzen Werbetreibende in den meisten F\u00e4llen Google Ads. Denn Google ist ungeschlagener Spitzenreiter der Suchmaschinen in Deutschland. Doch die Konkurrenz schl\u00e4ft nicht: Warum es sich trotzdem lohnt, in Microsoft Advertising einzusteigen und welche Features uns besonders \u00fcberzeugt haben, erfahrt ihr hier.<\/p>\n<\/div><a class=\"link-default\" href=\"https:\/\/www.projecter.de\/blog\/sea\/ein-blogbeitrag-ueber-microsoft-advertising-den-du-trotzdem-lesen-solltest\/\">jetzt lesen<\/a><\/div><\/div><\/div>","protected":false},"excerpt":{"rendered":"<p>Thematische Schwerpunkte: Zertifizierungen: Speaker Auftritte: Laura ist seit 2018 Teil des Projecter Teams und verantwortet als Team Lead gemeinsam mit Christin, Anja und Rebecca den SEA-Kanal. Durch ihren eigenen Weg [&hellip;]<\/p>\n","protected":false},"featured_media":73706,"template":"","projecter_member_category":[],"class_list":["post-74639","projecter_member","type-projecter_member","status-publish","has-post-thumbnail","hentry"],"acf":[],"yoast_head":"<!-- This site is optimized with the Yoast SEO plugin v26.8 - https:\/\/yoast.com\/product\/yoast-seo-wordpress\/ -->\n<title>Laura Nelle - Projecter<\/title>\n<meta name=\"description\" content=\"\u00dcber 80 Online Marketing Experten arbeiten bei Projecter. Lernen Sie Laura Nelle genauer kennen.\" \/>\n<meta name=\"robots\" content=\"index, follow, max-snippet:-1, max-image-preview:large, max-video-preview:-1\" \/>\n<link rel=\"canonical\" href=\"https:\/\/www.projecter.de\/en\/agentur\/team\/laura-nelle\/\" \/>\n<meta property=\"og:locale\" content=\"en_US\" \/>\n<meta property=\"og:type\" content=\"article\" \/>\n<meta property=\"og:title\" content=\"Laura Nelle - Projecter\" \/>\n<meta property=\"og:description\" content=\"\u00dcber 80 Online Marketing Experten arbeiten bei Projecter. Lernen Sie Laura Nelle genauer kennen.\" \/>\n<meta property=\"og:url\" content=\"https:\/\/www.projecter.de\/en\/agentur\/team\/laura-nelle\/\" \/>\n<meta property=\"og:site_name\" content=\"Projecter\" \/>\n<meta property=\"og:image\" content=\"https:\/\/www.projecter.de\/wp-content\/uploads\/2024\/06\/PK-Img_570x430_LauraNelle.jpg\" \/>\n<meta name=\"twitter:card\" content=\"summary_large_image\" \/>\n<script type=\"application\/ld+json\" class=\"yoast-schema-graph\">{\"@context\":\"https:\/\/schema.org\",\"@graph\":[{\"@type\":\"WebPage\",\"@id\":\"https:\/\/www.projecter.de\/en\/agentur\/team\/laura-nelle\/\",\"url\":\"https:\/\/www.projecter.de\/en\/agentur\/team\/laura-nelle\/\",\"name\":\"Laura Nelle - Projecter\",\"isPartOf\":{\"@id\":\"https:\/\/www.projecter.de\/#website\"},\"primaryImageOfPage\":{\"@id\":\"https:\/\/www.projecter.de\/en\/agentur\/team\/laura-nelle\/#primaryimage\"},\"image\":{\"@id\":\"https:\/\/www.projecter.de\/en\/agentur\/team\/laura-nelle\/#primaryimage\"},\"thumbnailUrl\":\"https:\/\/www.projecter.de\/wp-content\/uploads\/2024\/06\/PK-Img_570x430_LauraNelle.jpg\",\"datePublished\":\"2020-06-09T07:51:01+00:00\",\"description\":\"\u00dcber 80 Online Marketing Experten arbeiten bei Projecter. Lernen Sie Laura Nelle genauer kennen.\",\"breadcrumb\":{\"@id\":\"https:\/\/www.projecter.de\/en\/agentur\/team\/laura-nelle\/#breadcrumb\"},\"inLanguage\":\"en-US\",\"potentialAction\":[{\"@type\":\"ReadAction\",\"target\":[\"https:\/\/www.projecter.de\/en\/agentur\/team\/laura-nelle\/\"]}]},{\"@type\":\"ImageObject\",\"inLanguage\":\"en-US\",\"@id\":\"https:\/\/www.projecter.de\/en\/agentur\/team\/laura-nelle\/#primaryimage\",\"url\":\"https:\/\/www.projecter.de\/wp-content\/uploads\/2024\/06\/PK-Img_570x430_LauraNelle.jpg\",\"contentUrl\":\"https:\/\/www.projecter.de\/wp-content\/uploads\/2024\/06\/PK-Img_570x430_LauraNelle.jpg\",\"width\":570,\"height\":430},{\"@type\":\"BreadcrumbList\",\"@id\":\"https:\/\/www.projecter.de\/en\/agentur\/team\/laura-nelle\/#breadcrumb\",\"itemListElement\":[{\"@type\":\"ListItem\",\"position\":1,\"name\":\"Startseite\",\"item\":\"https:\/\/www.projecter.de\/\"},{\"@type\":\"ListItem\",\"position\":2,\"name\":\"Laura Nelle\"}]},{\"@type\":\"WebSite\",\"@id\":\"https:\/\/www.projecter.de\/#website\",\"url\":\"https:\/\/www.projecter.de\/\",\"name\":\"Projecter\",\"description\":\"Online Marketing\",\"publisher\":{\"@id\":\"https:\/\/www.projecter.de\/#organization\"},\"potentialAction\":[{\"@type\":\"SearchAction\",\"target\":{\"@type\":\"EntryPoint\",\"urlTemplate\":\"https:\/\/www.projecter.de\/?s={search_term_string}\"},\"query-input\":{\"@type\":\"PropertyValueSpecification\",\"valueRequired\":true,\"valueName\":\"search_term_string\"}}],\"inLanguage\":\"en-US\"},{\"@type\":\"Organization\",\"@id\":\"https:\/\/www.projecter.de\/#organization\",\"name\":\"Projecter GmbH\",\"url\":\"https:\/\/www.projecter.de\/\",\"logo\":{\"@type\":\"ImageObject\",\"inLanguage\":\"en-US\",\"@id\":\"https:\/\/www.projecter.de\/#\/schema\/logo\/image\/\",\"url\":\"https:\/\/www.projecter.de\/wp-content\/uploads\/2019\/11\/projecter-logo.svg\",\"contentUrl\":\"https:\/\/www.projecter.de\/wp-content\/uploads\/2019\/11\/projecter-logo.svg\",\"caption\":\"Projecter GmbH\"},\"image\":{\"@id\":\"https:\/\/www.projecter.de\/#\/schema\/logo\/image\/\"}}]}<\/script>\n<!-- \/ Yoast SEO plugin. -->","yoast_head_json":{"title":"Laura Nelle - Projecter","description":"\u00dcber 80 Online Marketing Experten arbeiten bei Projecter. Lernen Sie Laura Nelle genauer kennen.","robots":{"index":"index","follow":"follow","max-snippet":"max-snippet:-1","max-image-preview":"max-image-preview:large","max-video-preview":"max-video-preview:-1"},"canonical":"https:\/\/www.projecter.de\/en\/agentur\/team\/laura-nelle\/","og_locale":"en_US","og_type":"article","og_title":"Laura Nelle - Projecter","og_description":"\u00dcber 80 Online Marketing Experten arbeiten bei Projecter. Lernen Sie Laura Nelle genauer kennen.","og_url":"https:\/\/www.projecter.de\/en\/agentur\/team\/laura-nelle\/","og_site_name":"Projecter","og_image":[{"url":"https:\/\/www.projecter.de\/wp-content\/uploads\/2024\/06\/PK-Img_570x430_LauraNelle.jpg","type":"","width":"","height":""}],"twitter_card":"summary_large_image","schema":{"@context":"https:\/\/schema.org","@graph":[{"@type":"WebPage","@id":"https:\/\/www.projecter.de\/en\/agentur\/team\/laura-nelle\/","url":"https:\/\/www.projecter.de\/en\/agentur\/team\/laura-nelle\/","name":"Laura Nelle - Projecter","isPartOf":{"@id":"https:\/\/www.projecter.de\/#website"},"primaryImageOfPage":{"@id":"https:\/\/www.projecter.de\/en\/agentur\/team\/laura-nelle\/#primaryimage"},"image":{"@id":"https:\/\/www.projecter.de\/en\/agentur\/team\/laura-nelle\/#primaryimage"},"thumbnailUrl":"https:\/\/www.projecter.de\/wp-content\/uploads\/2024\/06\/PK-Img_570x430_LauraNelle.jpg","datePublished":"2020-06-09T07:51:01+00:00","description":"\u00dcber 80 Online Marketing Experten arbeiten bei Projecter. Lernen Sie Laura Nelle genauer kennen.","breadcrumb":{"@id":"https:\/\/www.projecter.de\/en\/agentur\/team\/laura-nelle\/#breadcrumb"},"inLanguage":"en-US","potentialAction":[{"@type":"ReadAction","target":["https:\/\/www.projecter.de\/en\/agentur\/team\/laura-nelle\/"]}]},{"@type":"ImageObject","inLanguage":"en-US","@id":"https:\/\/www.projecter.de\/en\/agentur\/team\/laura-nelle\/#primaryimage","url":"https:\/\/www.projecter.de\/wp-content\/uploads\/2024\/06\/PK-Img_570x430_LauraNelle.jpg","contentUrl":"https:\/\/www.projecter.de\/wp-content\/uploads\/2024\/06\/PK-Img_570x430_LauraNelle.jpg","width":570,"height":430},{"@type":"BreadcrumbList","@id":"https:\/\/www.projecter.de\/en\/agentur\/team\/laura-nelle\/#breadcrumb","itemListElement":[{"@type":"ListItem","position":1,"name":"Startseite","item":"https:\/\/www.projecter.de\/"},{"@type":"ListItem","position":2,"name":"Laura Nelle"}]},{"@type":"WebSite","@id":"https:\/\/www.projecter.de\/#website","url":"https:\/\/www.projecter.de\/","name":"Projecter","description":"Online Marketing","publisher":{"@id":"https:\/\/www.projecter.de\/#organization"},"potentialAction":[{"@type":"SearchAction","target":{"@type":"EntryPoint","urlTemplate":"https:\/\/www.projecter.de\/?s={search_term_string}"},"query-input":{"@type":"PropertyValueSpecification","valueRequired":true,"valueName":"search_term_string"}}],"inLanguage":"en-US"},{"@type":"Organization","@id":"https:\/\/www.projecter.de\/#organization","name":"Projecter GmbH","url":"https:\/\/www.projecter.de\/","logo":{"@type":"ImageObject","inLanguage":"en-US","@id":"https:\/\/www.projecter.de\/#\/schema\/logo\/image\/","url":"https:\/\/www.projecter.de\/wp-content\/uploads\/2019\/11\/projecter-logo.svg","contentUrl":"https:\/\/www.projecter.de\/wp-content\/uploads\/2019\/11\/projecter-logo.svg","caption":"Projecter GmbH"},"image":{"@id":"https:\/\/www.projecter.de\/#\/schema\/logo\/image\/"}}]}},"_links":{"self":[{"href":"https:\/\/www.projecter.de\/en\/wp-json\/wp\/v2\/projecter_member\/74639","targetHints":{"allow":["GET"]}}],"collection":[{"href":"https:\/\/www.projecter.de\/en\/wp-json\/wp\/v2\/projecter_member"}],"about":[{"href":"https:\/\/www.projecter.de\/en\/wp-json\/wp\/v2\/types\/projecter_member"}],"wp:featuredmedia":[{"embeddable":true,"href":"https:\/\/www.projecter.de\/en\/wp-json\/wp\/v2\/media\/73706"}],"wp:attachment":[{"href":"https:\/\/www.projecter.de\/en\/wp-json\/wp\/v2\/media?parent=74639"}],"wp:term":[{"taxonomy":"projecter_member_category","embeddable":true,"href":"https:\/\/www.projecter.de\/en\/wp-json\/wp\/v2\/projecter_member_category?post=74639"}],"curies":[{"name":"wp","href":"https:\/\/api.w.org\/{rel}","templated":true}]}}